{"id":586,"date":"2026-01-19T15:22:39","date_gmt":"2026-01-19T14:22:39","guid":{"rendered":"https:\/\/mubbar.seoagil.com\/?post_type=producto&#038;p=586"},"modified":"2026-03-04T16:42:25","modified_gmt":"2026-03-04T15:42:25","slug":"areia-grossa","status":"publish","type":"producto","link":"https:\/\/mubbar.com\/pt\/producto\/max-sand\/","title":{"rendered":"MAX-AREIA"},"content":{"rendered":"<h1 class=\"wp-block-heading\">S\u00e9rie NEMO<\/h1>\n\n\n\n<p>Todo esfor\u00e7o tem um resultado. A s\u00e9rie NEMO nasce com um objetivo claro: oferecer uma mesa operacional com todas as possibilidades necess\u00e1rias para organizar o espa\u00e7o de um escrit\u00f3rio de forma eficiente, eliminando elementos sup\u00e9rfluos que encarecem o produto. O resultado \u00e9 uma solu\u00e7\u00e3o baseada na simplifica\u00e7\u00e3o, onde cada componente cumpre uma fun\u00e7\u00e3o real.<\/p>\n\n\n\n<p>Os grupos de trabalho NEMO permitem otimizar o espa\u00e7o e simplificar a estrutura, reduzindo o n\u00famero de apoios e melhorando o custo global da instala\u00e7\u00e3o. Esta racionaliza\u00e7\u00e3o do sistema facilita a cria\u00e7\u00e3o de postos m\u00faltiplos, melhorando a organiza\u00e7\u00e3o e o aproveitamento do espa\u00e7o dispon\u00edvel.<\/p>\n\n\n\n<p>A cole\u00e7\u00e3o incorpora amplas solu\u00e7\u00f5es de eletrifica\u00e7\u00e3o tanto para mesas individuais como para grupos de trabalho, facilitando a integra\u00e7\u00e3o de tecnologia e garantindo ambientes de trabalho organizados e funcionais. A eletrifica\u00e7\u00e3o adapta-se \u00e0s necessidades reais de cada projeto, acrescentando valor ao distribuidor e ao cliente final.<\/p>\n\n\n\n<p>NEMO disp\u00f5e ainda de mesas de reuni\u00e3o com crescimento modular de 120 \u00d7 120 cm, o que permite uma amplia\u00e7\u00e3o simples e ordenada conforme as necessidades do espa\u00e7o. O seu crescimento horizontal torna-a numa solu\u00e7\u00e3o especialmente indicada para salas de forma\u00e7\u00e3o, salas polivalentes e ambientes onde a flexibilidade \u00e9 fundamental.<\/p>\n\n\n\n<p>Com um design moderno, s\u00f3brio e equilibrado, o NEMO posiciona-se como uma s\u00e9rie altamente competitiva: mobili\u00e1rio profissional fi\u00e1vel, funcional e adapt\u00e1vel, pensado para projetos de escrit\u00f3rio que exigem efici\u00eancia, controlo de custos e versatilidade.<\/p>\n\n\n\n<figure class=\"wp-block-image size-large\"><img loading=\"lazy\" decoding=\"async\" width=\"1024\" height=\"822\" src=\"https:\/\/mubbar.com\/wp-content\/uploads\/2025\/11\/MESA-DOBLE-M4-1024x822.jpg\" alt=\"\" class=\"wp-image-336\" srcset=\"https:\/\/mubbar.com\/wp-content\/uploads\/2025\/11\/MESA-DOBLE-M4-1024x822.jpg 1024w, https:\/\/mubbar.com\/wp-content\/uploads\/2025\/11\/MESA-DOBLE-M4-300x241.jpg 300w, https:\/\/mubbar.com\/wp-content\/uploads\/2025\/11\/MESA-DOBLE-M4-768x616.jpg 768w, https:\/\/mubbar.com\/wp-content\/uploads\/2025\/11\/MESA-DOBLE-M4.jpg 1200w\" sizes=\"auto, (max-width: 1024px) 100vw, 1024px\" \/><\/figure>\n\n\n\n<h2 class=\"wp-block-heading has-text-align-center\">Mesas duplas<\/h2>\n\n\n\n<p>140, 160, 180 x 164 cm.<\/p>\n\n\n\n<figure class=\"wp-block-image size-large\"><img loading=\"lazy\" decoding=\"async\" width=\"1024\" height=\"845\" src=\"https:\/\/mubbar.com\/wp-content\/uploads\/2025\/11\/MESA-M4-80-1024x845.jpg\" alt=\"\" class=\"wp-image-335\" srcset=\"https:\/\/mubbar.com\/wp-content\/uploads\/2025\/11\/MESA-M4-80-1024x845.jpg 1024w, https:\/\/mubbar.com\/wp-content\/uploads\/2025\/11\/MESA-M4-80-300x248.jpg 300w, https:\/\/mubbar.com\/wp-content\/uploads\/2025\/11\/MESA-M4-80-768x634.jpg 768w, https:\/\/mubbar.com\/wp-content\/uploads\/2025\/11\/MESA-M4-80.jpg 1200w\" sizes=\"auto, (max-width: 1024px) 100vw, 1024px\" \/><\/figure>\n\n\n\n<h2 class=\"wp-block-heading has-text-align-center\">Mesas retas individuais<\/h2>\n\n\n\n<p>80, 120, 140, 160, 180 e 200 de fundo 60 ou 80 cm.<\/p>\n\n\n\n<figure class=\"wp-block-image size-large\"><img loading=\"lazy\" decoding=\"async\" width=\"1024\" height=\"403\" src=\"https:\/\/mubbar.com\/wp-content\/uploads\/2025\/11\/M4-MESA-APOYO-CREDENCIA-Y-BUC-1024x403.jpg\" alt=\"\" class=\"wp-image-328\" srcset=\"https:\/\/mubbar.com\/wp-content\/uploads\/2025\/11\/M4-MESA-APOYO-CREDENCIA-Y-BUC-1024x403.jpg 1024w, https:\/\/mubbar.com\/wp-content\/uploads\/2025\/11\/M4-MESA-APOYO-CREDENCIA-Y-BUC-300x118.jpg 300w, https:\/\/mubbar.com\/wp-content\/uploads\/2025\/11\/M4-MESA-APOYO-CREDENCIA-Y-BUC-768x302.jpg 768w, https:\/\/mubbar.com\/wp-content\/uploads\/2025\/11\/M4-MESA-APOYO-CREDENCIA-Y-BUC.jpg 1200w\" sizes=\"auto, (max-width: 1024px) 100vw, 1024px\" \/><\/figure>\n\n\n\n<h2 class=\"wp-block-heading has-text-align-center\">Mesas com apoio para credencial<\/h2>\n\n\n\n<p>140x60x56cm o arm\u00e1rio suporte mesa: 80x42x72cm<\/p>\n\n\n\n<figure class=\"wp-block-image size-large\"><img loading=\"lazy\" decoding=\"async\" width=\"1024\" height=\"822\" src=\"https:\/\/mubbar.com\/wp-content\/uploads\/2025\/11\/MESA-REUNION-M4-240X120-1024x822.jpg\" alt=\"\" class=\"wp-image-334\" srcset=\"https:\/\/mubbar.com\/wp-content\/uploads\/2025\/11\/MESA-REUNION-M4-240X120-1024x822.jpg 1024w, https:\/\/mubbar.com\/wp-content\/uploads\/2025\/11\/MESA-REUNION-M4-240X120-300x241.jpg 300w, https:\/\/mubbar.com\/wp-content\/uploads\/2025\/11\/MESA-REUNION-M4-240X120-768x616.jpg 768w, https:\/\/mubbar.com\/wp-content\/uploads\/2025\/11\/MESA-REUNION-M4-240X120.jpg 1200w\" sizes=\"auto, (max-width: 1024px) 100vw, 1024px\" \/><\/figure>\n\n\n\n<h2 class=\"wp-block-heading has-text-align-center\">Mesas de reuni\u00e3o quadradas e retangulares<\/h2>\n\n\n\n<p>120\u00d7120 e 240\u00d7120 cm. Ampli\u00e1vel.<\/p>\n\n\n\n<figure class=\"wp-block-image size-large\"><img loading=\"lazy\" decoding=\"async\" width=\"954\" height=\"1024\" src=\"https:\/\/mubbar.com\/wp-content\/uploads\/2025\/11\/MESA-REUNION-M4-DIAMETRO-120CM-954x1024.jpg\" alt=\"\" class=\"wp-image-333\" srcset=\"https:\/\/mubbar.com\/wp-content\/uploads\/2025\/11\/MESA-REUNION-M4-DIAMETRO-120CM-954x1024.jpg 954w, https:\/\/mubbar.com\/wp-content\/uploads\/2025\/11\/MESA-REUNION-M4-DIAMETRO-120CM-280x300.jpg 280w, https:\/\/mubbar.com\/wp-content\/uploads\/2025\/11\/MESA-REUNION-M4-DIAMETRO-120CM-768x824.jpg 768w, https:\/\/mubbar.com\/wp-content\/uploads\/2025\/11\/MESA-REUNION-M4-DIAMETRO-120CM.jpg 1118w\" sizes=\"auto, (max-width: 954px) 100vw, 954px\" \/><\/figure>\n\n\n\n<h2 class=\"wp-block-heading has-text-align-center\">Mesas de reuni\u00f5es REDONDAS<\/h2>\n\n\n\n<p>di\u00e2metro 120<\/p>\n\n\n\n<figure class=\"wp-block-image size-large\"><img loading=\"lazy\" decoding=\"async\" width=\"1024\" height=\"726\" src=\"https:\/\/mubbar.com\/wp-content\/uploads\/2025\/11\/MULTIPUESTO-M4-1024x726.jpg\" alt=\"\" class=\"wp-image-332\" srcset=\"https:\/\/mubbar.com\/wp-content\/uploads\/2025\/11\/MULTIPUESTO-M4-1024x726.jpg 1024w, https:\/\/mubbar.com\/wp-content\/uploads\/2025\/11\/MULTIPUESTO-M4-300x213.jpg 300w, https:\/\/mubbar.com\/wp-content\/uploads\/2025\/11\/MULTIPUESTO-M4-768x545.jpg 768w, https:\/\/mubbar.com\/wp-content\/uploads\/2025\/11\/MULTIPUESTO-M4.jpg 1200w\" sizes=\"auto, (max-width: 1024px) 100vw, 1024px\" \/><\/figure>\n\n\n\n<h2 class=\"wp-block-heading has-text-align-center\">Multi-postos e extens\u00f5es duplas<\/h2>\n\n\n\n<p>280, 320, 360 x 164cm&nbsp;<\/p>\n\n\n\n<figure class=\"wp-block-image size-large\"><img loading=\"lazy\" decoding=\"async\" width=\"1024\" height=\"878\" src=\"https:\/\/mubbar.com\/wp-content\/uploads\/2025\/11\/SEPARADOR-FRONTAL-1024x878.jpg\" alt=\"\" class=\"wp-image-331\" srcset=\"https:\/\/mubbar.com\/wp-content\/uploads\/2025\/11\/SEPARADOR-FRONTAL-1024x878.jpg 1024w, https:\/\/mubbar.com\/wp-content\/uploads\/2025\/11\/SEPARADOR-FRONTAL-300x257.jpg 300w, https:\/\/mubbar.com\/wp-content\/uploads\/2025\/11\/SEPARADOR-FRONTAL-768x659.jpg 768w, https:\/\/mubbar.com\/wp-content\/uploads\/2025\/11\/SEPARADOR-FRONTAL.jpg 1200w\" sizes=\"auto, (max-width: 1024px) 100vw, 1024px\" \/><\/figure>\n\n\n\n<h2 class=\"wp-block-heading has-text-align-center\">Separador<\/h2>\n\n\n\n<figure class=\"wp-block-image size-large\"><img loading=\"lazy\" decoding=\"async\" width=\"1024\" height=\"955\" src=\"https:\/\/mubbar.com\/wp-content\/uploads\/2025\/11\/ALA-M4-1024x955.jpg\" alt=\"\" class=\"wp-image-330\" srcset=\"https:\/\/mubbar.com\/wp-content\/uploads\/2025\/11\/ALA-M4-1024x955.jpg 1024w, https:\/\/mubbar.com\/wp-content\/uploads\/2025\/11\/ALA-M4-300x280.jpg 300w, https:\/\/mubbar.com\/wp-content\/uploads\/2025\/11\/ALA-M4-768x716.jpg 768w, https:\/\/mubbar.com\/wp-content\/uploads\/2025\/11\/ALA-M4.jpg 1200w\" sizes=\"auto, (max-width: 1024px) 100vw, 1024px\" \/><\/figure>\n\n\n\n<h2 class=\"wp-block-heading has-text-align-center\">Ai de mim<\/h2>\n\n\n\n<p>120\u00d760, 100 x 60cm e 80 x 60cm.<\/p>\n\n\n\n<figure class=\"wp-block-image size-large\"><img loading=\"lazy\" decoding=\"async\" width=\"1024\" height=\"794\" src=\"https:\/\/mubbar.com\/wp-content\/uploads\/2025\/11\/EXTENSION-MESA-M4-80-1024x794.jpg\" alt=\"\" class=\"wp-image-329\" srcset=\"https:\/\/mubbar.com\/wp-content\/uploads\/2025\/11\/EXTENSION-MESA-M4-80-1024x794.jpg 1024w, https:\/\/mubbar.com\/wp-content\/uploads\/2025\/11\/EXTENSION-MESA-M4-80-300x233.jpg 300w, https:\/\/mubbar.com\/wp-content\/uploads\/2025\/11\/EXTENSION-MESA-M4-80-768x595.jpg 768w, https:\/\/mubbar.com\/wp-content\/uploads\/2025\/11\/EXTENSION-MESA-M4-80.jpg 1200w\" sizes=\"auto, (max-width: 1024px) 100vw, 1024px\" \/><\/figure>\n\n\n\n<h2 class=\"wp-block-heading has-text-align-center\">Multi-postos e extens\u00f5es simples<\/h2>\n\n\n\n<p>280, 320, 360 x 80cm&nbsp;<\/p>\n\n\n\n<p>Modelos e Tamanhos<\/p>\n\n\n\n<p>Acabamentos<\/p>\n\n\n\n<figure class=\"wp-block-image size-full\"><img loading=\"lazy\" decoding=\"async\" width=\"1128\" height=\"1200\" src=\"https:\/\/mubbar.com\/wp-content\/uploads\/2025\/11\/ACABADOS-MUBBAR-OPERATIVO-melaminas-2025-TRANS.jpg\" alt=\"\" class=\"wp-image-360\" srcset=\"https:\/\/mubbar.com\/wp-content\/uploads\/2025\/11\/ACABADOS-MUBBAR-OPERATIVO-melaminas-2025-TRANS.jpg 1128w, https:\/\/mubbar.com\/wp-content\/uploads\/2025\/11\/ACABADOS-MUBBAR-OPERATIVO-melaminas-2025-TRANS-282x300.jpg 282w, https:\/\/mubbar.com\/wp-content\/uploads\/2025\/11\/ACABADOS-MUBBAR-OPERATIVO-melaminas-2025-TRANS-963x1024.jpg 963w, https:\/\/mubbar.com\/wp-content\/uploads\/2025\/11\/ACABADOS-MUBBAR-OPERATIVO-melaminas-2025-TRANS-768x817.jpg 768w\" sizes=\"auto, (max-width: 1128px) 100vw, 1128px\" \/><\/figure>\n\n\n\n<figure class=\"wp-block-image size-full\"><img loading=\"lazy\" decoding=\"async\" width=\"1200\" height=\"570\" src=\"https:\/\/mubbar.com\/wp-content\/uploads\/2025\/11\/ACABADOS-MUBBAR-OPERATIVO-metalicos-2025TRANS.jpg\" alt=\"\" class=\"wp-image-357\" srcset=\"https:\/\/mubbar.com\/wp-content\/uploads\/2025\/11\/ACABADOS-MUBBAR-OPERATIVO-metalicos-2025TRANS.jpg 1200w, https:\/\/mubbar.com\/wp-content\/uploads\/2025\/11\/ACABADOS-MUBBAR-OPERATIVO-metalicos-2025TRANS-300x143.jpg 300w, https:\/\/mubbar.com\/wp-content\/uploads\/2025\/11\/ACABADOS-MUBBAR-OPERATIVO-metalicos-2025TRANS-1024x486.jpg 1024w, https:\/\/mubbar.com\/wp-content\/uploads\/2025\/11\/ACABADOS-MUBBAR-OPERATIVO-metalicos-2025TRANS-768x365.jpg 768w\" sizes=\"auto, (max-width: 1200px) 100vw, 1200px\" \/><\/figure>","protected":false},"featured_media":109,"template":"","acabados_melaminas":[10,4,5,6,11,7,9,8],"acabados_metalicos":[14],"acabados_madera":[],"acabados_cristal":[],"class_list":["post-586","producto","type-producto","status-publish","has-post-thumbnail","hentry","acabados_melaminas-arce-h","acabados_melaminas-blanco-y","acabados_melaminas-grafito-g","acabados_melaminas-gris-claro-v","acabados_melaminas-nogal-n","acabados_melaminas-roble-natural-t","acabados_melaminas-roble-nebraska-k","acabados_melaminas-roble-oscuro-r","acabados_metalicos-aluminio-a"],"acf":[],"_links":{"self":[{"href":"https:\/\/mubbar.com\/pt\/wp-json\/wp\/v2\/producto\/586","targetHints":{"allow":["GET"]}}],"collection":[{"href":"https:\/\/mubbar.com\/pt\/wp-json\/wp\/v2\/producto"}],"about":[{"href":"https:\/\/mubbar.com\/pt\/wp-json\/wp\/v2\/types\/producto"}],"version-history":[{"count":9,"href":"https:\/\/mubbar.com\/pt\/wp-json\/wp\/v2\/producto\/586\/revisions"}],"predecessor-version":[{"id":1091,"href":"https:\/\/mubbar.com\/pt\/wp-json\/wp\/v2\/producto\/586\/revisions\/1091"}],"wp:featuredmedia":[{"embeddable":true,"href":"https:\/\/mubbar.com\/pt\/wp-json\/wp\/v2\/media\/109"}],"wp:attachment":[{"href":"https:\/\/mubbar.com\/pt\/wp-json\/wp\/v2\/media?parent=586"}],"wp:term":[{"taxonomy":"acabados_melaminas","embeddable":true,"href":"https:\/\/mubbar.com\/pt\/wp-json\/wp\/v2\/acabados_melaminas?post=586"},{"taxonomy":"acabados_metalicos","embeddable":true,"href":"https:\/\/mubbar.com\/pt\/wp-json\/wp\/v2\/acabados_metalicos?post=586"},{"taxonomy":"acabados_madera","embeddable":true,"href":"https:\/\/mubbar.com\/pt\/wp-json\/wp\/v2\/acabados_madera?post=586"},{"taxonomy":"acabados_cristal","embeddable":true,"href":"https:\/\/mubbar.com\/pt\/wp-json\/wp\/v2\/acabados_cristal?post=586"}],"curies":[{"name":"wp","href":"https:\/\/api.w.org\/{rel}","templated":true}]}}