{"id":953,"date":"2026-02-18T20:55:07","date_gmt":"2026-02-18T19:55:07","guid":{"rendered":"https:\/\/mubbar.seoagil.com\/?post_type=producto&#038;p=953"},"modified":"2026-03-04T16:25:36","modified_gmt":"2026-03-04T15:25:36","slug":"armaris-i-arxiu","status":"publish","type":"producto","link":"https:\/\/mubbar.com\/ca\/producto\/armarios-y-archivo\/","title":{"rendered":"Armaris i Arxiu"},"content":{"rendered":"<h1 class=\"wp-block-heading\">S\u00e8rie NEMO<\/h1>\n\n\n\n<p>Tot esfor\u00e7 t\u00e9 un resultat. La s\u00e8rie NEMO neix amb un objectiu clar: oferir una taula operativa amb totes les possibilitats necess\u00e0ries per organitzar l'espai d'una oficina de manera eficient, eliminant elements superflus que encareixen el producte. El resultat \u00e9s una soluci\u00f3 basada en la simplificaci\u00f3, on cada component compleix una funci\u00f3 real.<\/p>\n\n\n\n<p>Els grups de treball NEMO permeten optimitzar l'espai i simplificar l'estructura, reduint el nombre de suports i millorant el cost global de la instal\u00b7laci\u00f3. Aquesta racionalitzaci\u00f3 del sistema facilita la creaci\u00f3 de llocs m\u00faltiples, millorant l'organitzaci\u00f3 i l'aprofitament de l'espai disponible.<\/p>\n\n\n\n<p>La col\u00b7lecci\u00f3 incorpora \u00e0mplies solucions d\u2019electrificaci\u00f3 tant per a taules individuals com per a grups de treball, facilitant la integraci\u00f3 de tecnologia i garantint entorns de treball ordenats i funcionals. L\u2019electrificaci\u00f3 s\u2019adapta a les necessitats reals de cada projecte, aportant valor afegit al distribu\u00efdor i al client final.<\/p>\n\n\n\n<p>NEMO disposa a m\u00e9s de taules de reuni\u00f3 amb creixement modulable de 120 \u00d7 120 cm, cosa que permet una ampliaci\u00f3 senzilla i ordenada segons les necessitats de l'espai. El seu creixement horitzontal la converteix en una soluci\u00f3 especialment indicada per a aules de formaci\u00f3, sales polivalents i entorns on la flexibilitat \u00e9s clau.<\/p>\n\n\n\n<p>Amb un disseny modern, sobri i equilibrat, NEMO es posiciona com una s\u00e8rie altament competitiva: mobiliari professional fiable, funcional i adaptable, pensat per a projectes d'oficina que requereixen efici\u00e8ncia, control de costos i versatilitat.<\/p>\n\n\n\n<figure class=\"wp-block-image size-large\"><img loading=\"lazy\" decoding=\"async\" width=\"1024\" height=\"822\" src=\"https:\/\/mubbar.com\/wp-content\/uploads\/2025\/11\/MESA-DOBLE-M4-1024x822.jpg\" alt=\"\" class=\"wp-image-336\" srcset=\"https:\/\/mubbar.com\/wp-content\/uploads\/2025\/11\/MESA-DOBLE-M4-1024x822.jpg 1024w, https:\/\/mubbar.com\/wp-content\/uploads\/2025\/11\/MESA-DOBLE-M4-300x241.jpg 300w, https:\/\/mubbar.com\/wp-content\/uploads\/2025\/11\/MESA-DOBLE-M4-768x616.jpg 768w, https:\/\/mubbar.com\/wp-content\/uploads\/2025\/11\/MESA-DOBLE-M4.jpg 1200w\" sizes=\"auto, (max-width: 1024px) 100vw, 1024px\" \/><\/figure>\n\n\n\n<h2 class=\"wp-block-heading has-text-align-center\">Taules dobles<\/h2>\n\n\n\n<p>140, 160, 180 x 164 cm.<\/p>\n\n\n\n<figure class=\"wp-block-image size-large\"><img loading=\"lazy\" decoding=\"async\" width=\"1024\" height=\"845\" src=\"https:\/\/mubbar.com\/wp-content\/uploads\/2025\/11\/MESA-M4-80-1024x845.jpg\" alt=\"\" class=\"wp-image-335\" srcset=\"https:\/\/mubbar.com\/wp-content\/uploads\/2025\/11\/MESA-M4-80-1024x845.jpg 1024w, https:\/\/mubbar.com\/wp-content\/uploads\/2025\/11\/MESA-M4-80-300x248.jpg 300w, https:\/\/mubbar.com\/wp-content\/uploads\/2025\/11\/MESA-M4-80-768x634.jpg 768w, https:\/\/mubbar.com\/wp-content\/uploads\/2025\/11\/MESA-M4-80.jpg 1200w\" sizes=\"auto, (max-width: 1024px) 100vw, 1024px\" \/><\/figure>\n\n\n\n<h2 class=\"wp-block-heading has-text-align-center\">Taules rectes individuals<\/h2>\n\n\n\n<p>80, 120, 140, 160, 180 i 200 de fons 60 o 80 cm.<\/p>\n\n\n\n<figure class=\"wp-block-image size-large\"><img loading=\"lazy\" decoding=\"async\" width=\"1024\" height=\"403\" src=\"https:\/\/mubbar.com\/wp-content\/uploads\/2025\/11\/M4-MESA-APOYO-CREDENCIA-Y-BUC-1024x403.jpg\" alt=\"\" class=\"wp-image-328\" srcset=\"https:\/\/mubbar.com\/wp-content\/uploads\/2025\/11\/M4-MESA-APOYO-CREDENCIA-Y-BUC-1024x403.jpg 1024w, https:\/\/mubbar.com\/wp-content\/uploads\/2025\/11\/M4-MESA-APOYO-CREDENCIA-Y-BUC-300x118.jpg 300w, https:\/\/mubbar.com\/wp-content\/uploads\/2025\/11\/M4-MESA-APOYO-CREDENCIA-Y-BUC-768x302.jpg 768w, https:\/\/mubbar.com\/wp-content\/uploads\/2025\/11\/M4-MESA-APOYO-CREDENCIA-Y-BUC.jpg 1200w\" sizes=\"auto, (max-width: 1024px) 100vw, 1024px\" \/><\/figure>\n\n\n\n<h2 class=\"wp-block-heading has-text-align-center\">Taules amb suport per a credencials<\/h2>\n\n\n\n<p>140x60x56cm o armari suport taula: 80x42x72cm<\/p>\n\n\n\n<figure class=\"wp-block-image size-large\"><img loading=\"lazy\" decoding=\"async\" width=\"1024\" height=\"822\" src=\"https:\/\/mubbar.com\/wp-content\/uploads\/2025\/11\/MESA-REUNION-M4-240X120-1024x822.jpg\" alt=\"\" class=\"wp-image-334\" srcset=\"https:\/\/mubbar.com\/wp-content\/uploads\/2025\/11\/MESA-REUNION-M4-240X120-1024x822.jpg 1024w, https:\/\/mubbar.com\/wp-content\/uploads\/2025\/11\/MESA-REUNION-M4-240X120-300x241.jpg 300w, https:\/\/mubbar.com\/wp-content\/uploads\/2025\/11\/MESA-REUNION-M4-240X120-768x616.jpg 768w, https:\/\/mubbar.com\/wp-content\/uploads\/2025\/11\/MESA-REUNION-M4-240X120.jpg 1200w\" sizes=\"auto, (max-width: 1024px) 100vw, 1024px\" \/><\/figure>\n\n\n\n<h2 class=\"wp-block-heading has-text-align-center\">Taules de reuni\u00f3 quadrades i rectangulars<\/h2>\n\n\n\n<p>120&#215;120 y 240x120cm. Ampliable.<\/p>\n\n\n\n<figure class=\"wp-block-image size-large\"><img loading=\"lazy\" decoding=\"async\" width=\"954\" height=\"1024\" src=\"https:\/\/mubbar.com\/wp-content\/uploads\/2025\/11\/MESA-REUNION-M4-DIAMETRO-120CM-954x1024.jpg\" alt=\"\" class=\"wp-image-333\" srcset=\"https:\/\/mubbar.com\/wp-content\/uploads\/2025\/11\/MESA-REUNION-M4-DIAMETRO-120CM-954x1024.jpg 954w, https:\/\/mubbar.com\/wp-content\/uploads\/2025\/11\/MESA-REUNION-M4-DIAMETRO-120CM-280x300.jpg 280w, https:\/\/mubbar.com\/wp-content\/uploads\/2025\/11\/MESA-REUNION-M4-DIAMETRO-120CM-768x824.jpg 768w, https:\/\/mubbar.com\/wp-content\/uploads\/2025\/11\/MESA-REUNION-M4-DIAMETRO-120CM.jpg 1118w\" sizes=\"auto, (max-width: 954px) 100vw, 954px\" \/><\/figure>\n\n\n\n<h2 class=\"wp-block-heading has-text-align-center\">Taules de reunions RODONES<\/h2>\n\n\n\n<p>di\u00e1metro 120<\/p>\n\n\n\n<figure class=\"wp-block-image size-large\"><img loading=\"lazy\" decoding=\"async\" width=\"1024\" height=\"726\" src=\"https:\/\/mubbar.com\/wp-content\/uploads\/2025\/11\/MULTIPUESTO-M4-1024x726.jpg\" alt=\"\" class=\"wp-image-332\" srcset=\"https:\/\/mubbar.com\/wp-content\/uploads\/2025\/11\/MULTIPUESTO-M4-1024x726.jpg 1024w, https:\/\/mubbar.com\/wp-content\/uploads\/2025\/11\/MULTIPUESTO-M4-300x213.jpg 300w, https:\/\/mubbar.com\/wp-content\/uploads\/2025\/11\/MULTIPUESTO-M4-768x545.jpg 768w, https:\/\/mubbar.com\/wp-content\/uploads\/2025\/11\/MULTIPUESTO-M4.jpg 1200w\" sizes=\"auto, (max-width: 1024px) 100vw, 1024px\" \/><\/figure>\n\n\n\n<h2 class=\"wp-block-heading has-text-align-center\">Multi-llocs i extensions dobles<\/h2>\n\n\n\n<p>280, 320, 360 x 164 cm&nbsp;<\/p>\n\n\n\n<figure class=\"wp-block-image size-large\"><img loading=\"lazy\" decoding=\"async\" width=\"1024\" height=\"878\" src=\"https:\/\/mubbar.com\/wp-content\/uploads\/2025\/11\/SEPARADOR-FRONTAL-1024x878.jpg\" alt=\"\" class=\"wp-image-331\" srcset=\"https:\/\/mubbar.com\/wp-content\/uploads\/2025\/11\/SEPARADOR-FRONTAL-1024x878.jpg 1024w, https:\/\/mubbar.com\/wp-content\/uploads\/2025\/11\/SEPARADOR-FRONTAL-300x257.jpg 300w, https:\/\/mubbar.com\/wp-content\/uploads\/2025\/11\/SEPARADOR-FRONTAL-768x659.jpg 768w, https:\/\/mubbar.com\/wp-content\/uploads\/2025\/11\/SEPARADOR-FRONTAL.jpg 1200w\" sizes=\"auto, (max-width: 1024px) 100vw, 1024px\" \/><\/figure>\n\n\n\n<h2 class=\"wp-block-heading has-text-align-center\">Separador<\/h2>\n\n\n\n<figure class=\"wp-block-image size-large\"><img loading=\"lazy\" decoding=\"async\" width=\"1024\" height=\"955\" src=\"https:\/\/mubbar.com\/wp-content\/uploads\/2025\/11\/ALA-M4-1024x955.jpg\" alt=\"\" class=\"wp-image-330\" srcset=\"https:\/\/mubbar.com\/wp-content\/uploads\/2025\/11\/ALA-M4-1024x955.jpg 1024w, https:\/\/mubbar.com\/wp-content\/uploads\/2025\/11\/ALA-M4-300x280.jpg 300w, https:\/\/mubbar.com\/wp-content\/uploads\/2025\/11\/ALA-M4-768x716.jpg 768w, https:\/\/mubbar.com\/wp-content\/uploads\/2025\/11\/ALA-M4.jpg 1200w\" sizes=\"auto, (max-width: 1024px) 100vw, 1024px\" \/><\/figure>\n\n\n\n<h2 class=\"wp-block-heading has-text-align-center\">Ai las!<\/h2>\n\n\n\n<p>120&#215;60, 100 x 60cm y 80 x 60cm.<\/p>\n\n\n\n<figure class=\"wp-block-image size-large\"><img loading=\"lazy\" decoding=\"async\" width=\"1024\" height=\"794\" src=\"https:\/\/mubbar.com\/wp-content\/uploads\/2025\/11\/EXTENSION-MESA-M4-80-1024x794.jpg\" alt=\"\" class=\"wp-image-329\" srcset=\"https:\/\/mubbar.com\/wp-content\/uploads\/2025\/11\/EXTENSION-MESA-M4-80-1024x794.jpg 1024w, https:\/\/mubbar.com\/wp-content\/uploads\/2025\/11\/EXTENSION-MESA-M4-80-300x233.jpg 300w, https:\/\/mubbar.com\/wp-content\/uploads\/2025\/11\/EXTENSION-MESA-M4-80-768x595.jpg 768w, https:\/\/mubbar.com\/wp-content\/uploads\/2025\/11\/EXTENSION-MESA-M4-80.jpg 1200w\" sizes=\"auto, (max-width: 1024px) 100vw, 1024px\" \/><\/figure>\n\n\n\n<h2 class=\"wp-block-heading has-text-align-center\">Multi-llocs i extensions simples<\/h2>\n\n\n\n<p>280, 320, 360 x 80 cm&nbsp;<\/p>\n\n\n\n<p>Modelos y Tama\u00f1os<\/p>\n\n\n\n<p>Acabats<\/p>\n\n\n\n<figure class=\"wp-block-image size-full\"><img loading=\"lazy\" decoding=\"async\" width=\"1128\" height=\"1200\" src=\"https:\/\/mubbar.com\/wp-content\/uploads\/2025\/11\/ACABADOS-MUBBAR-OPERATIVO-melaminas-2025-TRANS.jpg\" alt=\"\" class=\"wp-image-360\" srcset=\"https:\/\/mubbar.com\/wp-content\/uploads\/2025\/11\/ACABADOS-MUBBAR-OPERATIVO-melaminas-2025-TRANS.jpg 1128w, https:\/\/mubbar.com\/wp-content\/uploads\/2025\/11\/ACABADOS-MUBBAR-OPERATIVO-melaminas-2025-TRANS-282x300.jpg 282w, https:\/\/mubbar.com\/wp-content\/uploads\/2025\/11\/ACABADOS-MUBBAR-OPERATIVO-melaminas-2025-TRANS-963x1024.jpg 963w, https:\/\/mubbar.com\/wp-content\/uploads\/2025\/11\/ACABADOS-MUBBAR-OPERATIVO-melaminas-2025-TRANS-768x817.jpg 768w\" sizes=\"auto, (max-width: 1128px) 100vw, 1128px\" \/><\/figure>\n\n\n\n<figure class=\"wp-block-image size-full\"><img loading=\"lazy\" decoding=\"async\" width=\"1200\" height=\"570\" src=\"https:\/\/mubbar.com\/wp-content\/uploads\/2025\/11\/ACABADOS-MUBBAR-OPERATIVO-metalicos-2025TRANS.jpg\" alt=\"\" class=\"wp-image-357\" srcset=\"https:\/\/mubbar.com\/wp-content\/uploads\/2025\/11\/ACABADOS-MUBBAR-OPERATIVO-metalicos-2025TRANS.jpg 1200w, https:\/\/mubbar.com\/wp-content\/uploads\/2025\/11\/ACABADOS-MUBBAR-OPERATIVO-metalicos-2025TRANS-300x143.jpg 300w, https:\/\/mubbar.com\/wp-content\/uploads\/2025\/11\/ACABADOS-MUBBAR-OPERATIVO-metalicos-2025TRANS-1024x486.jpg 1024w, https:\/\/mubbar.com\/wp-content\/uploads\/2025\/11\/ACABADOS-MUBBAR-OPERATIVO-metalicos-2025TRANS-768x365.jpg 768w\" sizes=\"auto, (max-width: 1200px) 100vw, 1200px\" \/><\/figure>","protected":false},"featured_media":783,"template":"","acabados_melaminas":[10,4,5,6,11,7,9,8],"acabados_metalicos":[],"acabados_madera":[],"acabados_cristal":[],"class_list":["post-953","producto","type-producto","status-publish","has-post-thumbnail","hentry","acabados_melaminas-arce-h","acabados_melaminas-blanco-y","acabados_melaminas-grafito-g","acabados_melaminas-gris-claro-v","acabados_melaminas-nogal-n","acabados_melaminas-roble-natural-t","acabados_melaminas-roble-nebraska-k","acabados_melaminas-roble-oscuro-r"],"acf":[],"_links":{"self":[{"href":"https:\/\/mubbar.com\/ca\/wp-json\/wp\/v2\/producto\/953","targetHints":{"allow":["GET"]}}],"collection":[{"href":"https:\/\/mubbar.com\/ca\/wp-json\/wp\/v2\/producto"}],"about":[{"href":"https:\/\/mubbar.com\/ca\/wp-json\/wp\/v2\/types\/producto"}],"version-history":[{"count":8,"href":"https:\/\/mubbar.com\/ca\/wp-json\/wp\/v2\/producto\/953\/revisions"}],"predecessor-version":[{"id":1068,"href":"https:\/\/mubbar.com\/ca\/wp-json\/wp\/v2\/producto\/953\/revisions\/1068"}],"wp:featuredmedia":[{"embeddable":true,"href":"https:\/\/mubbar.com\/ca\/wp-json\/wp\/v2\/media\/783"}],"wp:attachment":[{"href":"https:\/\/mubbar.com\/ca\/wp-json\/wp\/v2\/media?parent=953"}],"wp:term":[{"taxonomy":"acabados_melaminas","embeddable":true,"href":"https:\/\/mubbar.com\/ca\/wp-json\/wp\/v2\/acabados_melaminas?post=953"},{"taxonomy":"acabados_metalicos","embeddable":true,"href":"https:\/\/mubbar.com\/ca\/wp-json\/wp\/v2\/acabados_metalicos?post=953"},{"taxonomy":"acabados_madera","embeddable":true,"href":"https:\/\/mubbar.com\/ca\/wp-json\/wp\/v2\/acabados_madera?post=953"},{"taxonomy":"acabados_cristal","embeddable":true,"href":"https:\/\/mubbar.com\/ca\/wp-json\/wp\/v2\/acabados_cristal?post=953"}],"curies":[{"name":"wp","href":"https:\/\/api.w.org\/{rel}","templated":true}]}}